{"id":4693,"date":"2026-04-07T17:35:38","date_gmt":"2026-04-07T15:35:38","guid":{"rendered":"https:\/\/beige-mouse-615271.hostingersite.com\/chambre-double\/"},"modified":"2026-08-05T10:11:58","modified_gmt":"2026-08-05T08:11:58","slug":"chambre-double","status":"publish","type":"page","link":"https:\/\/www.adurmi.it\/fr\/chambre-double\/","title":{"rendered":"CHAMBRE DOUBLE"},"content":{"rendered":"<h1>CHAMBRE DOUBLE<\/h1>\n<h2>CHAMBRE DOUBLE<\/h2>\n<p>De: <input id=\"startDate-fr\" name=\"dateStart\" type=\"date\" value=\"\"\/><br \/>\n\u00e0: <input id=\"endDate-fr\" name=\"dateEnd\" type=\"date\" value=\"\"\/><br \/>\n<a onclick='window.open(\"https:\/\/booking.roomraccoon.it\/a-durm\/fr\/?dateStart=\"+document.getElementById(\"startDate-fr\").value+\"&#038;dateEnd=\"+document.getElementById(\"endDate-fr\").value+\"\", \"_blank\");'>R\u00e9server<\/a><\/p>\n<style>\n    @media (max-width: 767px) {\n    .fascia-booking {\n position: static !important;\n}\n.fascia-booking .availability-widget-date {\nmin-width: 100%;\n}\n.fascia-booking .RoomRaccoonButton2 {\nwidth: 100%;\ntext-align: center;\nalign-content: center;\njustify-content: center;\n}\n}\n<\/style>\n<h3>CHAMBRE DOUBLE<\/h3>\n<p>\t\t\t\t\tSitu\u00e9e au rez-de-chauss\u00e9e, elle donne sur le patio,<br \/>\nid\u00e9ale pour les voyageurs dynamiques,<br \/>\nqui aiment passer toute la journ\u00e9e en plein air.<br \/>Elle peut accueillir votre compagnon \u00e0 quatre pattes.<br \/>\n\t\t\t\t\t\t\t\t\t\t\t\t\t\t\t<img decoding=\"async\" width=\"64\" height=\"64\" src=\"https:\/\/www.adurmi.it\/wp-content\/uploads\/2023\/02\/garden.png\" alt=\"\" \/><br \/>\n\t\t\t\t\tAcc\u00e8s ind\u00e9pendant<br \/>\n\t\t\t\t\t\t\t\t\t\t\t\t\t\t\t<img decoding=\"async\" width=\"64\" height=\"64\" src=\"https:\/\/www.adurmi.it\/wp-content\/uploads\/2023\/02\/air-conditioner.png\" alt=\"\" \/><br \/>\n\t\t\t\t\tClimatisation<br \/>\n\t\t\t\t\t\t\t\t\t\t\t\t\t\t\t<img decoding=\"async\" width=\"64\" height=\"64\" src=\"https:\/\/www.adurmi.it\/wp-content\/uploads\/2023\/02\/fridge.png\" alt=\"\" \/><br \/>\n\t\t\t\t\tMini-r\u00e9frig\u00e9rateur<br \/>\n\t\t\t\t\t<a href=\"https:\/\/booking.roomraccoon.it\/a-durm\/fr\/\" target=\"_blank\" rel=\"nofollow noopener\"><br \/>\n\t\t\t\t\t\t\t\t\tR\u00e9servez<br \/>\n\t\t\t\t\t<\/a><br \/>\n\t\t\t\t\t<a role=\"button\"><br \/>\n\t\t\t\t\t\t\t\t\tToutes les chambres<br \/>\n\t\t\t\t\t<\/a><\/p>\n","protected":false},"excerpt":{"rendered":"<p>CHAMBRE DOUBLE CHAMBRE DOUBLE De: \u00e0: R\u00e9server CHAMBRE DOUBLE Situ\u00e9e au rez-de-chauss\u00e9e, elle donne sur le patio, id\u00e9ale pour les voyageurs dynamiques, qui aiment passer toute la journ\u00e9e en plein air.Elle peut accueillir votre compagnon \u00e0 quatre pattes. Acc\u00e8s ind\u00e9pendant Climatisation Mini-r\u00e9frig\u00e9rateur R\u00e9servez Toutes les chambres<\/p>\n","protected":false},"author":1,"featured_media":0,"parent":0,"menu_order":0,"comment_status":"closed","ping_status":"closed","template":"","meta":{"footnotes":""},"class_list":["post-4693","page","type-page","status-publish","hentry"],"_links":{"self":[{"href":"https:\/\/www.adurmi.it\/fr\/wp-json\/wp\/v2\/pages\/4693","targetHints":{"allow":["GET"]}}],"collection":[{"href":"https:\/\/www.adurmi.it\/fr\/wp-json\/wp\/v2\/pages"}],"about":[{"href":"https:\/\/www.adurmi.it\/fr\/wp-json\/wp\/v2\/types\/page"}],"author":[{"embeddable":true,"href":"https:\/\/www.adurmi.it\/fr\/wp-json\/wp\/v2\/users\/1"}],"replies":[{"embeddable":true,"href":"https:\/\/www.adurmi.it\/fr\/wp-json\/wp\/v2\/comments?post=4693"}],"version-history":[{"count":17,"href":"https:\/\/www.adurmi.it\/fr\/wp-json\/wp\/v2\/pages\/4693\/revisions"}],"predecessor-version":[{"id":6124,"href":"https:\/\/www.adurmi.it\/fr\/wp-json\/wp\/v2\/pages\/4693\/revisions\/6124"}],"wp:attachment":[{"href":"https:\/\/www.adurmi.it\/fr\/wp-json\/wp\/v2\/media?parent=4693"}],"curies":[{"name":"wp","href":"https:\/\/api.w.org\/{rel}","templated":true}]}}